{"id":1953,"date":"2016-02-22T15:53:59","date_gmt":"2016-02-22T15:53:59","guid":{"rendered":"http:\/\/demo.themelogi.com\/navian\/?page_id=1953"},"modified":"2024-11-28T15:16:09","modified_gmt":"2024-11-28T15:16:09","slug":"institucional","status":"publish","type":"page","link":"https:\/\/uie.org.ar\/index.php\/institucional\/","title":{"rendered":"Institucional"},"content":{"rendered":"<p>[vc_row full_width=\u00bbstretch_row\u00bb][vc_column]<section  id=\"single-69f2f4064e608\" class=\"header-single vertical-flex m0 image-bg parallax \" ><div class=\"background-content \"><img loading=\"lazy\" decoding=\"async\" width=\"1920\" height=\"1226\" src=\"https:\/\/uie.org.ar\/wp-content\/uploads\/2020\/01\/container-3118783_1920-logo.jpg\" class=\"background-image\" alt=\"page-header\" srcset=\"https:\/\/uie.org.ar\/wp-content\/uploads\/2020\/01\/container-3118783_1920-logo.jpg 1920w, https:\/\/uie.org.ar\/wp-content\/uploads\/2020\/01\/container-3118783_1920-logo-300x192.jpg 300w, https:\/\/uie.org.ar\/wp-content\/uploads\/2020\/01\/container-3118783_1920-logo-1024x654.jpg 1024w, https:\/\/uie.org.ar\/wp-content\/uploads\/2020\/01\/container-3118783_1920-logo-768x490.jpg 768w, https:\/\/uie.org.ar\/wp-content\/uploads\/2020\/01\/container-3118783_1920-logo-1536x981.jpg 1536w\" sizes=\"auto, (max-width: 1920px) 100vw, 1920px\" \/><div  class=\"background-overlay\"><\/div><\/div><div  class=\"container vertical-flex-column item-content \">\n\t\t\t            <div class=\"row\"><div class=\"standard-slide p0 col-lg-12 col-lg-offset-0 col-md-10 col-md-offset-1 col-sm-12 text-center\"><div  class=\"heading-content\"><p><img loading=\"lazy\" decoding=\"async\" class=\"aligncenter wp-image-8765\" src=\"http:\/\/uie.org.ar\/wp-content\/uploads\/2020\/01\/logo-blanco-vertical-150x150.png\" alt=\"\" width=\"200\" height=\"210\" srcset=\"https:\/\/uie.org.ar\/wp-content\/uploads\/2020\/01\/logo-blanco-vertical-286x300.png 286w, https:\/\/uie.org.ar\/wp-content\/uploads\/2020\/01\/logo-blanco-vertical.png 500w\" sizes=\"auto, (max-width: 200px) 100vw, 200px\" \/><\/p>\n<\/div><div class=\"mt24 mt-xs-8 \"><a  id=\"btn-69f2f4064e609\"  class=\" m0 btn btn-filled btn-light btn-rounded   btn-sm-sm \"  href= \"#comision\"  >Conozcanos<\/a><\/div>\n                <\/div><\/div><\/div><\/section>[\/vc_column][\/vc_row][vc_row el_id=\u00bbcomision\u00bb][vc_column]<div class=\"headings-title \"><div class=\"mb70 mb-xs-40 text-left\"><div class=\"section-label\"><div class=\"gray-color s-text\">01 \u2014<\/div><h5  class=\"widgettitle mb0 uppercase-force s-text\"> Quienes somos<\/h5><\/div><div class=\"container container-content\"><h2 >Comisi\u00f3n Directiva<\/h2><\/div><\/div><\/div>[vc_row_inner][vc_column_inner width=\u00bb1\/6&#8243;][\/vc_column_inner][vc_column_inner width=\u00bb2\/3&#8243;][vc_column_text]<\/p>\n<table border=\"0\" cellspacing=\"0\">\n<tbody>\n<tr>\n<td colspan=\"2\" align=\"center\" bgcolor=\"#BDD7EE\" height=\"42\"><b>COMISION DIRECTIVA 2019 \/ 2020<\/b><\/td>\n<td align=\"left\" bgcolor=\"#BDD7EE\"><strong>EMPRESA<\/strong><\/td>\n<\/tr>\n<tr>\n<td align=\"left\" bgcolor=\"#BDD7EE\" height=\"42\"><b>Presidente<\/b><\/td>\n<td align=\"left\" bgcolor=\"#DEEBF7\">WEISS, Ruben Roberto<\/td>\n<td style=\"text-align: center;\" align=\"left\" bgcolor=\"#DAE3F3\">EZETA S.A.<\/td>\n<\/tr>\n<tr>\n<td align=\"left\" bgcolor=\"#BDD7EE\" height=\"42\"><b>Vicepresidente 1\u00b0<\/b><\/td>\n<td align=\"left\" bgcolor=\"#DEEBF7\">GIUGGIOLONI, C\u00e9sar<\/td>\n<td style=\"text-align: center;\" align=\"left\" bgcolor=\"#DAE3F3\">GRUPO GIU<\/td>\n<\/tr>\n<tr>\n<td align=\"left\" bgcolor=\"#BDD7EE\" height=\"42\"><b>Vicepresidente 2\u00b0<\/b><\/td>\n<td align=\"left\" bgcolor=\"#DEEBF7\">SANGUINETI , Luis Eduardo<\/td>\n<td style=\"text-align: center;\" align=\"left\" bgcolor=\"#DAE3F3\">SIPEA<\/td>\n<\/tr>\n<tr>\n<td align=\"left\" bgcolor=\"#BDD7EE\" height=\"42\"><b>Secretario<\/b><\/td>\n<td align=\"left\" bgcolor=\"#DEEBF7\">CRESCENTE, Matias  Damian<\/td>\n<td style=\"text-align: center;\" align=\"left\" bgcolor=\"#DAE3F3\">SAI<\/td>\n<\/tr>\n<tr>\n<td align=\"left\" bgcolor=\"#BDD7EE\" height=\"42\"><b>Prosecretario<\/b><\/td>\n<td align=\"left\" bgcolor=\"#DEEBF7\">ANGIONE, Leonardo Ernesto<\/td>\n<td style=\"text-align: center;\" align=\"left\" bgcolor=\"#DAE3F3\">EVEL<\/td>\n<\/tr>\n<tr>\n<td align=\"left\" bgcolor=\"#BDD7EE\" height=\"42\"><b>Tesorero<\/b><\/td>\n<td align=\"left\" bgcolor=\"#DEEBF7\">BELVISI, Mariano Agustin<\/td>\n<td style=\"text-align: center;\" align=\"left\" bgcolor=\"#DAE3F3\">CONTEMAN<\/td>\n<\/tr>\n<tr>\n<td align=\"left\" bgcolor=\"#BDD7EE\" height=\"42\"><b>Protesorero<\/b><\/td>\n<td align=\"left\" bgcolor=\"#DEEBF7\">RODRIGUEZ, Marysol Analia<\/td>\n<td style=\"text-align: center;\" align=\"left\" bgcolor=\"#DAE3F3\">SINTEPLAST<\/td>\n<\/tr>\n<tr>\n<td align=\"left\" bgcolor=\"#BDD7EE\" height=\"42\"><b>Vocal Titular 1\u00b0<\/b><\/td>\n<td align=\"left\" bgcolor=\"#DEEBF7\">SARALEGUY, Johanna<\/td>\n<td style=\"text-align: center;\" align=\"left\" bgcolor=\"#DAE3F3\">OSMELOGISTICA<\/td>\n<\/tr>\n<tr>\n<td align=\"left\" bgcolor=\"#BDD7EE\" height=\"42\"><b>Vocal Titular 2\u00b0<\/b><\/td>\n<td align=\"left\" bgcolor=\"#DEEBF7\">CIPPITELLI, Ivan <\/td>\n<td style=\"text-align: center;\" align=\"left\" bgcolor=\"#DAE3F3\">RODILLOS<\/td>\n<\/tr>\n<tr>\n<td align=\"left\" bgcolor=\"#BDD7EE\" height=\"42\"><b>Vocal Suplente 1\u00b0<\/b><\/td>\n<td align=\"left\" bgcolor=\"#DEEBF7\">MURAS, Cristian Emanuel<\/td>\n<td style=\"text-align: center;\" align=\"left\" bgcolor=\"#DAE3F3\">GRUPO OL<\/td>\n<\/tr>\n<tr>\n<td align=\"left\" bgcolor=\"#BDD7EE\" height=\"42\"><b>Vocal Suplente 2\u00b0<\/b><\/td>\n<td align=\"left\" bgcolor=\"#DEEBF7\">DA SILVA,Daniel Leonardo<\/td>\n<td style=\"text-align: center;\" align=\"left\" bgcolor=\"#DAE3F3\">CERAMICOS SPEGAZZINI<\/td>\n<\/tr>\n<tr>\n<td align=\"left\" bgcolor=\"#BDD7EE\" height=\"42\"><b>Revisor de Cuentas Titular<\/b><\/td>\n<td align=\"left\" bgcolor=\"#DEEBF7\">BAROLIN, Cristina Margarita<\/td>\n<td style=\"text-align: center;\" align=\"left\" bgcolor=\"#DAE3F3\">MEDICIONES EVEL<\/td>\n<\/tr>\n<tr>\n<td align=\"left\" bgcolor=\"#BDD7EE\" height=\"42\"><b>Revisor de Cuentas Titular<\/b><\/td>\n<td align=\"left\" bgcolor=\"#DEEBF7\">URDAMPILLETA, Jorge Anibal<\/td>\n<td style=\"text-align: center;\" align=\"left\" bgcolor=\"#DAE3F3\">MOLINO CA\u00d1UELAS<\/td>\n<\/tr>\n<tr>\n<td align=\"left\" bgcolor=\"#BDD7EE\" height=\"42\"><b>Revisor de Cuentas Suplente<\/b><\/td>\n<td align=\"left\" bgcolor=\"#DEEBF7\">WENTINCK, Irene Paola<\/td>\n<td style=\"text-align: center;\" align=\"left\" bgcolor=\"#DAE3F3\">WENTINK CONDUCTORES\n<\/td>\n<\/tr>\n<\/tbody>\n<\/table>\n<p>[\/vc_column_text][\/vc_column_inner][vc_column_inner width=\u00bb1\/6&#8243;][\/vc_column_inner][\/vc_row_inner][\/vc_column][\/vc_row][vc_row][vc_column]<div class=\"headings-title \"><div class=\"mb70 mb-xs-40 text-left\"><div class=\"section-label\"><div class=\"gray-color s-text\">02 \u2014<\/div><h5  class=\"widgettitle mb0 uppercase-force s-text\"> Lo que hacemos<\/h5><\/div><div class=\"container container-content\"><h2 >Nuestras Creencias<\/h2><\/div><\/div><\/div>[vc_row_inner][vc_column_inner width=\u00bb1\/2&#8243;]<div id=\"iconbox-69f2f4064e8c0\" class=\"   primary-bgcolor-icon\"><div class=\"icon-link\"><div class=\"display-table mb-xs-24 text-left\">\n\t\t\t\t    \t\t<div class=\"display-cell vertical-top mb-xs-24\"><i  class=\"ti-thought square-icon square-icon-bg inline-block mr-30 icon-text icon-lg\"><\/i><\/div>\n\t\t\t\t    \t\t<div class=\"display-cell\"><h5  class=\"widgettitle \">Creemos<\/h5><div  class=\"icon-content\"><p><strong>.:\u00a0<\/strong>En los derechos y obligaciones consagrados por la Constituci\u00f3n Nacional.<br \/>\n<strong>.:\u00a0<\/strong>En la cultura del trabajo como herramienta de realizaci\u00f3n personal y social.<br \/>\n<strong>.:\u00a0<\/strong>En la industria y la producci\u00f3n como principales motores de progreso.<br \/>\n<strong>.:\u00a0<\/strong>En la educaci\u00f3n como la mejor herramienta de creaci\u00f3n del futuro.<br \/>\n<strong>.:\u00a0<\/strong>En el capital privado, la rentabilidad y la inversi\u00f3n como instrumentos de cambio.<br \/>\n<strong>.:\u00a0<\/strong>En la responsabilidad social y medio-ambiental como valores permanentes.<br \/>\n<strong>.:\u00a0<\/strong>En la libertad de mercados con competencia leal y pareja.<\/p>\n<\/div><\/div>\n\t\t\t\t    \t<\/div><\/div><\/div>[\/vc_column_inner][vc_column_inner width=\u00bb1\/2&#8243;]<div id=\"iconbox-69f2f4064e91d\" class=\"   primary-bgcolor-icon\"><div class=\"icon-link\"><div class=\"display-table mb-xs-24 text-left\">\n\t\t\t\t    \t\t<div class=\"display-cell vertical-top mb-xs-24\"><i  class=\"ti-hand-stop square-icon square-icon-bg inline-block mr-30 icon-text icon-lg\"><\/i><\/div>\n\t\t\t\t    \t\t<div class=\"display-cell\"><h5  class=\"widgettitle \">Apoyamos<\/h5><div  class=\"icon-content\"><p><strong>.:\u00a0<\/strong>El di\u00e1logo social entre el gobierno, factores de la producci\u00f3n y del trabajo como mecanismo complementario de la acci\u00f3n parlamentaria.<br \/>\n<strong>.:\u00a0<\/strong>La estabilidad monetaria y el cr\u00e9dito industrial, instrumentos que facilitan inversiones de largo plazo para aumentar substancialmente los puestos de trabajo de buena calidad en nuestro pa\u00eds.<br \/>\n<strong>.:\u00a0<\/strong>La integraci\u00f3n regional del Mercosur, incluyendo aspectos monetarios, legales, administrativos y culturales.<\/p>\n<\/div><\/div>\n\t\t\t\t    \t<\/div><\/div><\/div>[\/vc_column_inner][\/vc_row_inner][\/vc_column][\/vc_row][vc_row tlg_padding=\u00bbpt64 pb64&#8243;][vc_column]<div class=\"headings-title \"><div class=\"mb70 mb-xs-40 text-left\"><div class=\"section-label\"><div class=\"gray-color s-text\">03 \u2014<\/div><h5  class=\"widgettitle mb0 uppercase-force s-text\"> Nuestros asociados<\/h5><\/div><div class=\"container container-content\"><h2 >Aqu\u00ed algunos de nuestros asociados<\/h2><\/div><\/div><\/div><div class=\" logo-standard\"><div class=\"col-sm-3 text-center\">\n\t<div class=\"inline-block\">\n\t\t<a href=\"http:\/\/www.anticorrsa.com.ar\/\" target=\"_blank\" rel=\"\"><img loading=\"lazy\" decoding=\"async\" width=\"816\" height=\"316\" src=\"https:\/\/uie.org.ar\/wp-content\/uploads\/2015\/12\/Anticorr-logo.png\" class=\"image-s mb-xs-8 fade-35 wp-post-image\" alt=\"Protecci\u00f3n Anticorrosiva\" srcset=\"https:\/\/uie.org.ar\/wp-content\/uploads\/2015\/12\/Anticorr-logo.png 816w, https:\/\/uie.org.ar\/wp-content\/uploads\/2015\/12\/Anticorr-logo-300x116.png 300w, https:\/\/uie.org.ar\/wp-content\/uploads\/2015\/12\/Anticorr-logo-768x297.png 768w\" sizes=\"auto, (max-width: 816px) 100vw, 816px\" \/><\/a>\t<\/div>\n<\/div><div class=\"col-sm-3 text-center\">\n\t<div class=\"inline-block\">\n\t\t<a href=\"http:\/\/www.chemotecnica.com\/\" target=\"_blank\" rel=\"\"><img loading=\"lazy\" decoding=\"async\" width=\"500\" height=\"190\" src=\"https:\/\/uie.org.ar\/wp-content\/uploads\/2020\/01\/chemotecnica2.png\" class=\"image-s mb-xs-8 fade-35 wp-post-image\" alt=\"\" srcset=\"https:\/\/uie.org.ar\/wp-content\/uploads\/2020\/01\/chemotecnica2.png 500w, https:\/\/uie.org.ar\/wp-content\/uploads\/2020\/01\/chemotecnica2-300x114.png 300w\" sizes=\"auto, (max-width: 500px) 100vw, 500px\" \/><\/a>\t<\/div>\n<\/div><div class=\"col-sm-3 text-center\">\n\t<div class=\"inline-block\">\n\t\t<a href=\"https:\/\/www.ezeta.com\/\" target=\"_blank\" rel=\"\"><img loading=\"lazy\" decoding=\"async\" width=\"500\" height=\"190\" src=\"https:\/\/uie.org.ar\/wp-content\/uploads\/2020\/01\/ezeta.png\" class=\"image-s mb-xs-8 fade-35 wp-post-image\" alt=\"\" srcset=\"https:\/\/uie.org.ar\/wp-content\/uploads\/2020\/01\/ezeta.png 500w, https:\/\/uie.org.ar\/wp-content\/uploads\/2020\/01\/ezeta-300x114.png 300w\" sizes=\"auto, (max-width: 500px) 100vw, 500px\" \/><\/a>\t<\/div>\n<\/div><div class=\"col-sm-3 text-center\">\n\t<div class=\"inline-block\">\n\t\t<a href=\"http:\/\/www.mediasfavir.com.ar\/\" target=\"_blank\" rel=\"\"><img loading=\"lazy\" decoding=\"async\" width=\"500\" height=\"190\" src=\"https:\/\/uie.org.ar\/wp-content\/uploads\/2020\/01\/favir.png\" class=\"image-s mb-xs-8 fade-35 wp-post-image\" alt=\"\" srcset=\"https:\/\/uie.org.ar\/wp-content\/uploads\/2020\/01\/favir.png 500w, https:\/\/uie.org.ar\/wp-content\/uploads\/2020\/01\/favir-300x114.png 300w\" sizes=\"auto, (max-width: 500px) 100vw, 500px\" \/><\/a>\t<\/div>\n<\/div><\/div><div class=\"logo-standard\"><div class=\"col-sm-3 text-center\">\n\t<div class=\"inline-block\">\n\t\t<a href=\"https:\/\/www.gilera.com.ar\/\" target=\"_blank\" rel=\"\"><img loading=\"lazy\" decoding=\"async\" width=\"500\" height=\"190\" src=\"https:\/\/uie.org.ar\/wp-content\/uploads\/2020\/01\/l-gilera.png\" class=\"image-s mb-xs-8 fade-35 wp-post-image\" alt=\"\" srcset=\"https:\/\/uie.org.ar\/wp-content\/uploads\/2020\/01\/l-gilera.png 500w, https:\/\/uie.org.ar\/wp-content\/uploads\/2020\/01\/l-gilera-300x114.png 300w\" sizes=\"auto, (max-width: 500px) 100vw, 500px\" \/><\/a>\t<\/div>\n<\/div><div class=\"col-sm-3 text-center\">\n\t<div class=\"inline-block\">\n\t\t<a href=\"http:\/\/www.giu.com.ar\/\" target=\"_blank\" rel=\"\"><img loading=\"lazy\" decoding=\"async\" width=\"500\" height=\"190\" src=\"https:\/\/uie.org.ar\/wp-content\/uploads\/2020\/01\/giu.png\" class=\"image-s mb-xs-8 fade-35 wp-post-image\" alt=\"\" srcset=\"https:\/\/uie.org.ar\/wp-content\/uploads\/2020\/01\/giu.png 500w, https:\/\/uie.org.ar\/wp-content\/uploads\/2020\/01\/giu-300x114.png 300w\" sizes=\"auto, (max-width: 500px) 100vw, 500px\" \/><\/a>\t<\/div>\n<\/div><div class=\"col-sm-3 text-center\">\n\t<div class=\"inline-block\">\n\t\t<a href=\"http:\/\/www.plazacanning.com.ar\/\" target=\"_blank\" rel=\"\"><img loading=\"lazy\" decoding=\"async\" width=\"300\" height=\"190\" src=\"https:\/\/uie.org.ar\/wp-content\/uploads\/2020\/01\/canning.png\" class=\"image-s mb-xs-8 fade-35 wp-post-image\" alt=\"\" \/><\/a>\t<\/div>\n<\/div><div class=\"col-sm-3 text-center\">\n\t<div class=\"inline-block\">\n\t\t<a href=\"https:\/\/www.sinteplast.com.ar\/\" target=\"_blank\" rel=\"\"><img loading=\"lazy\" decoding=\"async\" width=\"500\" height=\"190\" src=\"https:\/\/uie.org.ar\/wp-content\/uploads\/2020\/01\/sinteplast2.png\" class=\"image-s mb-xs-8 fade-35 wp-post-image\" alt=\"\" srcset=\"https:\/\/uie.org.ar\/wp-content\/uploads\/2020\/01\/sinteplast2.png 500w, https:\/\/uie.org.ar\/wp-content\/uploads\/2020\/01\/sinteplast2-300x114.png 300w\" sizes=\"auto, (max-width: 500px) 100vw, 500px\" \/><\/a>\t<\/div>\n<\/div><\/div><div class=\"logo-standard\"><div class=\"col-sm-3 text-center\">\n\t<div class=\"inline-block\">\n\t\t<a href=\"https:\/\/www.wtkconductores.com\/\" target=\"_blank\" rel=\"\"><img loading=\"lazy\" decoding=\"async\" width=\"500\" height=\"190\" src=\"https:\/\/uie.org.ar\/wp-content\/uploads\/2020\/01\/wtk.png\" class=\"image-s mb-xs-8 fade-35 wp-post-image\" alt=\"\" srcset=\"https:\/\/uie.org.ar\/wp-content\/uploads\/2020\/01\/wtk.png 500w, https:\/\/uie.org.ar\/wp-content\/uploads\/2020\/01\/wtk-300x114.png 300w\" sizes=\"auto, (max-width: 500px) 100vw, 500px\" \/><\/a>\t<\/div>\n<\/div><div class=\"col-sm-3 text-center\">\n\t<div class=\"inline-block\">\n\t\t<a href=\"http:\/\/abertec.com.ar\/\" target=\"_blank\" rel=\"\"><img loading=\"lazy\" decoding=\"async\" width=\"500\" height=\"190\" src=\"https:\/\/uie.org.ar\/wp-content\/uploads\/2015\/12\/abertec-1.png\" class=\"image-s mb-xs-8 fade-35 wp-post-image\" alt=\"\" srcset=\"https:\/\/uie.org.ar\/wp-content\/uploads\/2015\/12\/abertec-1.png 500w, https:\/\/uie.org.ar\/wp-content\/uploads\/2015\/12\/abertec-1-300x114.png 300w\" sizes=\"auto, (max-width: 500px) 100vw, 500px\" \/><\/a>\t<\/div>\n<\/div><div class=\"col-sm-3 text-center\">\n\t<div class=\"inline-block\">\n\t\t<a href=\"https:\/\/www.agrofacil.com.ar\/\" target=\"_blank\" rel=\"\"><img loading=\"lazy\" decoding=\"async\" width=\"500\" height=\"190\" src=\"https:\/\/uie.org.ar\/wp-content\/uploads\/2019\/12\/agrofacil.jpg\" class=\"image-s mb-xs-8 fade-35 wp-post-image\" alt=\"\" srcset=\"https:\/\/uie.org.ar\/wp-content\/uploads\/2019\/12\/agrofacil.jpg 500w, https:\/\/uie.org.ar\/wp-content\/uploads\/2019\/12\/agrofacil-300x114.jpg 300w\" sizes=\"auto, (max-width: 500px) 100vw, 500px\" \/><\/a>\t<\/div>\n<\/div><div class=\"col-sm-3 text-center\">\n\t<div class=\"inline-block\">\n\t\t<a href=\"https:\/\/alberdidesarrollos.com.ar\/\" target=\"_blank\" rel=\"\"><img loading=\"lazy\" decoding=\"async\" width=\"500\" height=\"190\" src=\"https:\/\/uie.org.ar\/wp-content\/uploads\/2025\/09\/alberdi.png\" class=\"image-s mb-xs-8 fade-35 wp-post-image\" alt=\"\" srcset=\"https:\/\/uie.org.ar\/wp-content\/uploads\/2025\/09\/alberdi.png 500w, https:\/\/uie.org.ar\/wp-content\/uploads\/2025\/09\/alberdi-300x114.png 300w\" sizes=\"auto, (max-width: 500px) 100vw, 500px\" \/><\/a>\t<\/div>\n<\/div><\/div><div class=\"logo-standard\"><div class=\"col-sm-3 text-center\">\n\t<div class=\"inline-block\">\n\t\t<a href=\"http:\/\/www.almacendefrio.com\/\" target=\"_blank\" rel=\"\"><img loading=\"lazy\" decoding=\"async\" width=\"103\" height=\"80\" src=\"https:\/\/uie.org.ar\/wp-content\/uploads\/2015\/12\/almacen-de-frio.png\" class=\"image-s mb-xs-8 fade-35 wp-post-image\" alt=\"\" \/><\/a>\t<\/div>\n<\/div><div class=\"col-sm-3 text-center\">\n\t<div class=\"inline-block\">\n\t\t<a href=\"https:\/\/amic.com.ar\/\" target=\"_blank\" rel=\"\"><img loading=\"lazy\" decoding=\"async\" width=\"500\" height=\"190\" src=\"https:\/\/uie.org.ar\/wp-content\/uploads\/2026\/03\/amic.png\" class=\"image-s mb-xs-8 fade-35 wp-post-image\" alt=\"\" srcset=\"https:\/\/uie.org.ar\/wp-content\/uploads\/2026\/03\/amic.png 500w, https:\/\/uie.org.ar\/wp-content\/uploads\/2026\/03\/amic-300x114.png 300w\" sizes=\"auto, (max-width: 500px) 100vw, 500px\" \/><\/a>\t<\/div>\n<\/div><div class=\"col-sm-3 text-center\">\n\t<div class=\"inline-block\">\n\t\t<img loading=\"lazy\" decoding=\"async\" width=\"500\" height=\"190\" src=\"https:\/\/uie.org.ar\/wp-content\/uploads\/2020\/01\/arboles.png\" class=\"image-s mb-xs-8 fade-35 wp-post-image\" alt=\"\" srcset=\"https:\/\/uie.org.ar\/wp-content\/uploads\/2020\/01\/arboles.png 500w, https:\/\/uie.org.ar\/wp-content\/uploads\/2020\/01\/arboles-300x114.png 300w\" sizes=\"auto, (max-width: 500px) 100vw, 500px\" \/>\t<\/div>\n<\/div><div class=\"col-sm-3 text-center\">\n\t<div class=\"inline-block\">\n\t\t<a href=\"http:\/\/altiliovialsa.com.ar\/\" target=\"_blank\" rel=\"\"><img loading=\"lazy\" decoding=\"async\" width=\"250\" height=\"190\" src=\"https:\/\/uie.org.ar\/wp-content\/uploads\/2020\/01\/atilio-vial-logo2.png\" class=\"image-s mb-xs-8 fade-35 wp-post-image\" alt=\"\" \/><\/a>\t<\/div>\n<\/div><\/div><div class=\"tlg-spacer  \" data-height=\"20\" data-height-tablet=\"10\" data-height-mobile=\"10\" style=\"clear:both;display:block;height:20px;\"><\/div><div class=\" text-center\"><a  id=\"btn-69f2f406511e7\" class=\"btn btn-primary-line btn-rounded btn-lg   btn-sm-sm\" href= \"http:\/\/uie.org.ar\/index.php\/asociados\/\" target=\"_self\" >Conocer a todos<i class=\"ti-angle-right\"><\/i><\/a><\/div>[\/vc_column][\/vc_row][vc_row tlg_background_style=\u00bbbg-dark\u00bb tlg_text_align=\u00bbtext-center\u00bb css=\u00bb.vc_custom_1578063529472{background-color: #444444 !important;}\u00bb][vc_column width=\u00bb1\/6&#8243;][\/vc_column][vc_column width=\u00bb2\/3&#8243;]<div class=\"headings-title \"><div class=\"mb16 mb-xs-40 text-center\"><h5  class=\"widgettitle\">Nos encantar\u00eda saber de usted<\/h5><div class=\"divider-wrap\"><div class=\"tlg-divider \" style=\"\"><\/div><\/div><div  class=\"widgetsubtitle\">P\u00f3ngase en contacto<\/div><\/div><\/div>[\/vc_column][vc_column width=\u00bb1\/6&#8243;][\/vc_column][\/vc_row][vc_row tlg_background_style=\u00bbbg-dark\u00bb tlg_padding=\u00bbpt0&#8243; css=\u00bb.vc_custom_1565801000259{background-color: #444444 !important;}\u00bb][vc_column width=\u00bb1\/3&#8243; css=\u00bb.vc_custom_1557680467869{padding-right: 20% !important;}\u00bb]<div id=\"iconbox-69f2f40651228\" class=\" primary-color-icon  \"><div class=\"icon-link\"><div class=\"display-table mb-xs-24 text-left\">\n\t\t\t\t    \t\t<div class=\"display-cell vertical-top mb-xs-24\"><i  class=\"ti-world  inline-block mr-30 icon-text icon-lg\"><\/i><\/div>\n\t\t\t\t    \t\t<div class=\"display-cell\"><h5  class=\"widgettitle \">Ubicaci\u00f3n<\/h5><div  class=\"icon-content\"><p>Pitagoras 691, Carlos Spegazzini<br \/>\nPartido de Ezeiza, Argentina<\/p>\n<\/div><\/div>\n\t\t\t\t    \t<\/div><\/div><\/div><div class=\"tlg-spacer line \" data-height=\"20\" data-height-tablet=\"10\" data-height-mobile=\"10\" style=\"clear:both;display:block;height:20px;margin-top: -10px; margin-bottom: 10px; width:100%;\"><\/div><div id=\"iconbox-69f2f40651276\" class=\" primary-color-icon  \"><div class=\"icon-link\"><div class=\"display-table mb-xs-24 text-left\">\n\t\t\t\t    \t\t<div class=\"display-cell vertical-top mb-xs-24\"><i  class=\"ti-mobile  inline-block mr-30 icon-text icon-lg\"><\/i><\/div>\n\t\t\t\t    \t\t<div class=\"display-cell\"><h5  class=\"widgettitle \">Tel\u00e9fonos<\/h5><div  class=\"icon-content\"><p>(+54) 11 062016 5555<\/p>\n<\/div><\/div>\n\t\t\t\t    \t<\/div><\/div><\/div><div class=\"tlg-spacer line \" data-height=\"20\" data-height-tablet=\"10\" data-height-mobile=\"10\" style=\"clear:both;display:block;height:20px;margin-top: -10px; margin-bottom: 10px; width:100%;\"><\/div><div id=\"iconbox-69f2f406512ab\" class=\" primary-color-icon  \"><div class=\"icon-link\"><div class=\"display-table mb-xs-24 text-left\">\n\t\t\t\t    \t\t<div class=\"display-cell vertical-top mb-xs-24\"><i  class=\"ti-email  inline-block mr-30 icon-text icon-lg\"><\/i><\/div>\n\t\t\t\t    \t\t<div class=\"display-cell\"><h5  class=\"widgettitle \">Email<\/h5><div  class=\"icon-content\"><p><a href=\"mailto:info@uie.org.ar\">info@uie.org.ar<\/a><\/p>\n<\/div><\/div>\n\t\t\t\t    \t<\/div><\/div><\/div><div class=\"tlg-spacer  \" data-height=\"20\" data-height-tablet=\"10\" data-height-mobile=\"10\" style=\"clear:both;display:block;height:20px;\"><\/div><div class=\"text-left\"><a class=\" link-dark inline-block\" href= \"https:\/\/www.facebook.com\/unionindustrialdeezeiza\/\" target=\"_self\"  ><i id=\"icon-69f2f4065133a\" style=\"font-size:15px;color:#616a66;background-color:#f2f2f2;border-color:#f2f2f2;margin:0 5px;\" class=\"ti-facebook circle-icon small-icon  inline-block custom-icon\"><\/i><\/a><script type=\"text\/javascript\">jQuery(document).ready(function(){jQuery('head').append('<style type=\"text\/css\" id=\"tlg-custom-css-icon-69f2f4065133a\">#icon-69f2f4065133a:hover{color:#ffffff!important;background-color:#3b5998!important;border-color:#3b5998!important;}<\/style>');});<\/script><\/div>[\/vc_column][vc_column width=\u00bb2\/3&#8243;]<p class=\"wpcf7-contact-form-not-found\"><strong>Error:<\/strong> Formulario de contacto no encontrado.<\/p>[\/vc_column][\/vc_row]<\/p>\n","protected":false},"excerpt":{"rendered":"<p>[vc_row full_width=\u00bbstretch_row\u00bb][vc_column][\/vc_column][\/vc_row][vc_row el_id=\u00bbcomision\u00bb][vc_column][vc_row_inner][vc_column_inner width=\u00bb1\/6&#8243;][\/vc_column_inner][vc_column_inner width=\u00bb2\/3&#8243;][vc_column_text] COMISION DIRECTIVA 2019 \/ 2020 EMPRESA Presidente WEISS, Ruben Roberto EZETA S.A. Vicepresidente 1\u00b0 GIUGGIOLONI, C\u00e9sar GRUPO GIU Vicepresidente 2\u00b0 SANGUINETI , Luis Eduardo SIPEA Secretario CRESCENTE, Matias Damian SAI Prosecretario ANGIONE, Leonardo Ernesto EVEL Tesorero BELVISI, Mariano Agustin CONTEMAN Protesorero RODRIGUEZ, Marysol Analia SINTEPLAST Vocal Titular 1\u00b0 SARALEGUY, Johanna&#8230;<\/p>\n","protected":false},"author":1,"featured_media":0,"parent":0,"menu_order":0,"comment_status":"closed","ping_status":"closed","template":"","meta":{"_joinchat":[],"footnotes":""},"class_list":["post-1953","page","type-page","status-publish","hentry"],"yoast_head":"<!-- This site is optimized with the Yoast SEO plugin v27.3 - https:\/\/yoast.com\/product\/yoast-seo-wordpress\/ -->\n<title>Institucional - Uni\u00f3n Industrial de Ezeiza<\/title>\n<meta name=\"robots\" content=\"index, follow, max-snippet:-1, max-image-preview:large, max-video-preview:-1\" \/>\n<link rel=\"canonical\" href=\"https:\/\/uie.org.ar\/index.php\/institucional\/\" \/>\n<meta property=\"og:locale\" content=\"es_ES\" \/>\n<meta property=\"og:type\" content=\"article\" \/>\n<meta property=\"og:title\" content=\"Institucional - Uni\u00f3n Industrial de Ezeiza\" \/>\n<meta property=\"og:description\" content=\"[vc_row full_width=\u00bbstretch_row\u00bb][vc_column][\/vc_column][\/vc_row][vc_row el_id=\u00bbcomision\u00bb][vc_column][vc_row_inner][vc_column_inner width=\u00bb1\/6&#8243;][\/vc_column_inner][vc_column_inner width=\u00bb2\/3&#8243;][vc_column_text] COMISION DIRECTIVA 2019 \/ 2020 EMPRESA Presidente WEISS, Ruben Roberto EZETA S.A. Vicepresidente 1\u00b0 GIUGGIOLONI, C\u00e9sar GRUPO GIU Vicepresidente 2\u00b0 SANGUINETI , Luis Eduardo SIPEA Secretario CRESCENTE, Matias Damian SAI Prosecretario ANGIONE, Leonardo Ernesto EVEL Tesorero BELVISI, Mariano Agustin CONTEMAN Protesorero RODRIGUEZ, Marysol Analia SINTEPLAST Vocal Titular 1\u00b0 SARALEGUY, Johanna...\" \/>\n<meta property=\"og:url\" content=\"https:\/\/uie.org.ar\/index.php\/institucional\/\" \/>\n<meta property=\"og:site_name\" content=\"Uni\u00f3n Industrial de Ezeiza\" \/>\n<meta property=\"article:modified_time\" content=\"2024-11-28T15:16:09+00:00\" \/>\n<meta property=\"og:image\" content=\"http:\/\/uie.org.ar\/wp-content\/uploads\/2020\/01\/logo-blanco-vertical-150x150.png\" \/>\n<meta name=\"twitter:card\" content=\"summary_large_image\" \/>\n<meta name=\"twitter:label1\" content=\"Tiempo de lectura\" \/>\n\t<meta name=\"twitter:data1\" content=\"3 minutos\" \/>\n<script type=\"application\/ld+json\" class=\"yoast-schema-graph\">{\"@context\":\"https:\\\/\\\/schema.org\",\"@graph\":[{\"@type\":\"WebPage\",\"@id\":\"https:\\\/\\\/uie.org.ar\\\/index.php\\\/institucional\\\/\",\"url\":\"https:\\\/\\\/uie.org.ar\\\/index.php\\\/institucional\\\/\",\"name\":\"Institucional - Uni\u00f3n Industrial de Ezeiza\",\"isPartOf\":{\"@id\":\"https:\\\/\\\/uie.org.ar\\\/#website\"},\"primaryImageOfPage\":{\"@id\":\"https:\\\/\\\/uie.org.ar\\\/index.php\\\/institucional\\\/#primaryimage\"},\"image\":{\"@id\":\"https:\\\/\\\/uie.org.ar\\\/index.php\\\/institucional\\\/#primaryimage\"},\"thumbnailUrl\":\"http:\\\/\\\/uie.org.ar\\\/wp-content\\\/uploads\\\/2020\\\/01\\\/logo-blanco-vertical-150x150.png\",\"datePublished\":\"2016-02-22T15:53:59+00:00\",\"dateModified\":\"2024-11-28T15:16:09+00:00\",\"breadcrumb\":{\"@id\":\"https:\\\/\\\/uie.org.ar\\\/index.php\\\/institucional\\\/#breadcrumb\"},\"inLanguage\":\"es\",\"potentialAction\":[{\"@type\":\"ReadAction\",\"target\":[\"https:\\\/\\\/uie.org.ar\\\/index.php\\\/institucional\\\/\"]}]},{\"@type\":\"ImageObject\",\"inLanguage\":\"es\",\"@id\":\"https:\\\/\\\/uie.org.ar\\\/index.php\\\/institucional\\\/#primaryimage\",\"url\":\"https:\\\/\\\/uie.org.ar\\\/wp-content\\\/uploads\\\/2020\\\/01\\\/logo-blanco-vertical.png\",\"contentUrl\":\"https:\\\/\\\/uie.org.ar\\\/wp-content\\\/uploads\\\/2020\\\/01\\\/logo-blanco-vertical.png\",\"width\":500,\"height\":524},{\"@type\":\"BreadcrumbList\",\"@id\":\"https:\\\/\\\/uie.org.ar\\\/index.php\\\/institucional\\\/#breadcrumb\",\"itemListElement\":[{\"@type\":\"ListItem\",\"position\":1,\"name\":\"Home\",\"item\":\"https:\\\/\\\/uie.org.ar\\\/\"},{\"@type\":\"ListItem\",\"position\":2,\"name\":\"Institucional\"}]},{\"@type\":\"WebSite\",\"@id\":\"https:\\\/\\\/uie.org.ar\\\/#website\",\"url\":\"https:\\\/\\\/uie.org.ar\\\/\",\"name\":\"Uni\u00f3n Industrial de Ezeiza\",\"description\":\"Sitio oficial de la UIE\",\"potentialAction\":[{\"@type\":\"SearchAction\",\"target\":{\"@type\":\"EntryPoint\",\"urlTemplate\":\"https:\\\/\\\/uie.org.ar\\\/?s={search_term_string}\"},\"query-input\":{\"@type\":\"PropertyValueSpecification\",\"valueRequired\":true,\"valueName\":\"search_term_string\"}}],\"inLanguage\":\"es\"}]}<\/script>\n<!-- \/ Yoast SEO plugin. -->","yoast_head_json":{"title":"Institucional - Uni\u00f3n Industrial de Ezeiza","robots":{"index":"index","follow":"follow","max-snippet":"max-snippet:-1","max-image-preview":"max-image-preview:large","max-video-preview":"max-video-preview:-1"},"canonical":"https:\/\/uie.org.ar\/index.php\/institucional\/","og_locale":"es_ES","og_type":"article","og_title":"Institucional - Uni\u00f3n Industrial de Ezeiza","og_description":"[vc_row full_width=\u00bbstretch_row\u00bb][vc_column][\/vc_column][\/vc_row][vc_row el_id=\u00bbcomision\u00bb][vc_column][vc_row_inner][vc_column_inner width=\u00bb1\/6&#8243;][\/vc_column_inner][vc_column_inner width=\u00bb2\/3&#8243;][vc_column_text] COMISION DIRECTIVA 2019 \/ 2020 EMPRESA Presidente WEISS, Ruben Roberto EZETA S.A. Vicepresidente 1\u00b0 GIUGGIOLONI, C\u00e9sar GRUPO GIU Vicepresidente 2\u00b0 SANGUINETI , Luis Eduardo SIPEA Secretario CRESCENTE, Matias Damian SAI Prosecretario ANGIONE, Leonardo Ernesto EVEL Tesorero BELVISI, Mariano Agustin CONTEMAN Protesorero RODRIGUEZ, Marysol Analia SINTEPLAST Vocal Titular 1\u00b0 SARALEGUY, Johanna...","og_url":"https:\/\/uie.org.ar\/index.php\/institucional\/","og_site_name":"Uni\u00f3n Industrial de Ezeiza","article_modified_time":"2024-11-28T15:16:09+00:00","og_image":[{"url":"http:\/\/uie.org.ar\/wp-content\/uploads\/2020\/01\/logo-blanco-vertical-150x150.png","type":"","width":"","height":""}],"twitter_card":"summary_large_image","twitter_misc":{"Tiempo de lectura":"3 minutos"},"schema":{"@context":"https:\/\/schema.org","@graph":[{"@type":"WebPage","@id":"https:\/\/uie.org.ar\/index.php\/institucional\/","url":"https:\/\/uie.org.ar\/index.php\/institucional\/","name":"Institucional - Uni\u00f3n Industrial de Ezeiza","isPartOf":{"@id":"https:\/\/uie.org.ar\/#website"},"primaryImageOfPage":{"@id":"https:\/\/uie.org.ar\/index.php\/institucional\/#primaryimage"},"image":{"@id":"https:\/\/uie.org.ar\/index.php\/institucional\/#primaryimage"},"thumbnailUrl":"http:\/\/uie.org.ar\/wp-content\/uploads\/2020\/01\/logo-blanco-vertical-150x150.png","datePublished":"2016-02-22T15:53:59+00:00","dateModified":"2024-11-28T15:16:09+00:00","breadcrumb":{"@id":"https:\/\/uie.org.ar\/index.php\/institucional\/#breadcrumb"},"inLanguage":"es","potentialAction":[{"@type":"ReadAction","target":["https:\/\/uie.org.ar\/index.php\/institucional\/"]}]},{"@type":"ImageObject","inLanguage":"es","@id":"https:\/\/uie.org.ar\/index.php\/institucional\/#primaryimage","url":"https:\/\/uie.org.ar\/wp-content\/uploads\/2020\/01\/logo-blanco-vertical.png","contentUrl":"https:\/\/uie.org.ar\/wp-content\/uploads\/2020\/01\/logo-blanco-vertical.png","width":500,"height":524},{"@type":"BreadcrumbList","@id":"https:\/\/uie.org.ar\/index.php\/institucional\/#breadcrumb","itemListElement":[{"@type":"ListItem","position":1,"name":"Home","item":"https:\/\/uie.org.ar\/"},{"@type":"ListItem","position":2,"name":"Institucional"}]},{"@type":"WebSite","@id":"https:\/\/uie.org.ar\/#website","url":"https:\/\/uie.org.ar\/","name":"Uni\u00f3n Industrial de Ezeiza","description":"Sitio oficial de la UIE","potentialAction":[{"@type":"SearchAction","target":{"@type":"EntryPoint","urlTemplate":"https:\/\/uie.org.ar\/?s={search_term_string}"},"query-input":{"@type":"PropertyValueSpecification","valueRequired":true,"valueName":"search_term_string"}}],"inLanguage":"es"}]}},"_links":{"self":[{"href":"https:\/\/uie.org.ar\/index.php\/wp-json\/wp\/v2\/pages\/1953","targetHints":{"allow":["GET"]}}],"collection":[{"href":"https:\/\/uie.org.ar\/index.php\/wp-json\/wp\/v2\/pages"}],"about":[{"href":"https:\/\/uie.org.ar\/index.php\/wp-json\/wp\/v2\/types\/page"}],"author":[{"embeddable":true,"href":"https:\/\/uie.org.ar\/index.php\/wp-json\/wp\/v2\/users\/1"}],"replies":[{"embeddable":true,"href":"https:\/\/uie.org.ar\/index.php\/wp-json\/wp\/v2\/comments?post=1953"}],"version-history":[{"count":47,"href":"https:\/\/uie.org.ar\/index.php\/wp-json\/wp\/v2\/pages\/1953\/revisions"}],"predecessor-version":[{"id":9407,"href":"https:\/\/uie.org.ar\/index.php\/wp-json\/wp\/v2\/pages\/1953\/revisions\/9407"}],"wp:attachment":[{"href":"https:\/\/uie.org.ar\/index.php\/wp-json\/wp\/v2\/media?parent=1953"}],"curies":[{"name":"wp","href":"https:\/\/api.w.org\/{rel}","templated":true}]}}